{"id":7601,"date":"2023-12-01T00:59:39","date_gmt":"2023-12-01T03:59:39","guid":{"rendered":"https:\/\/ajubemge.com.br\/site2\/?page_id=7601"},"modified":"2025-03-06T19:11:06","modified_gmt":"2025-03-06T22:11:06","slug":"livro","status":"publish","type":"page","link":"https:\/\/ajubemge.com.br\/site2\/livro\/","title":{"rendered":"Livro"},"content":{"rendered":"<header class=\"entry-header\">\n<h1 class=\"entry-title\">Livros<\/h1>\n<\/header>\n<div class=\"entry-content clearfix\">\n<p>Com a organiza\u00e7\u00e3o e curadoria do comunicador Sergio Rizo (que coordena o nosso jornal), a AJUBEMGE se orgulha de anualmente lan\u00e7ar os volumes da obra \u201cA alegria de viver\u201d que sintetiza as entrevistas realizadas durante cada ano. Disponibilizamos aqui a vers\u00e3o pdf das 3 obras gratuitamente. Esperamos que voc\u00ea fa\u00e7a uma boa leitura! E se gostar, n\u00e3o hesite em comentar aqui ou em nossas redes sociais.<\/p>\n<p><a href=\"https:\/\/ajubemge.com.br\/site2\/wp-content\/uploads\/2023\/12\/230103__-livro2-9-69_merged.pdf\"><img fetchpriority=\"high\" decoding=\"async\" class=\"alignnone size-full wp-image-7607\" src=\"https:\/\/ajubemge.com.br\/site2\/wp-content\/uploads\/2023\/12\/livro-a-alegria-de-viver-sergio-rizo-ajubemge-2022.png\" alt=\"\" width=\"196\" height=\"260\" \/><\/a>\u00a0 \u00a0 \u00a0 <img decoding=\"async\" class=\"alignnone size-large wp-image-7608\" src=\"https:\/\/ajubemge.com.br\/site2\/wp-content\/uploads\/2023\/12\/livro-a-alegria-de-viver-sergio-rizo-ajubemge-2023.png\" alt=\"\" width=\"196\" height=\"260\" \/>\u00a0 \u00a0 \u00a0 <a href=\"https:\/\/ajubemge.com.br\/site2\/wp-content\/uploads\/2025\/03\/241206_AJUBEMGE_Livro3_V2.pdf\"><img decoding=\"async\" class=\"alignnone size-full wp-image-8321\" src=\"https:\/\/ajubemge.com.br\/site2\/wp-content\/uploads\/2025\/03\/Design-sem-nome-2025-03-06T190412.559.png\" alt=\"\" width=\"196\" height=\"260\" \/><\/a><br \/>\n<a href=\"https:\/\/ajubemge.com.br\/site2\/wp-content\/uploads\/2023\/12\/230103__-livro2-9-69_merged.pdf\">Volume 1 \u2013 2022 &gt;&gt; PDF<\/a>\u00a0 \u00a0 \u00a0 \u00a0 \u00a0 \u00a0 \u00a0 \u00a0 <a href=\"https:\/\/ajubemge.com.br\/site2\/wp-content\/uploads\/2023\/12\/231114-LIVRO2.pdf\">Volume 2 \u2013 2023 &gt;&gt; PDF<\/a>\u00a0 \u00a0 \u00a0 \u00a0 \u00a0 \u00a0 \u00a0 \u00a0 \u00a0<a href=\"https:\/\/ajubemge.com.br\/site2\/wp-content\/uploads\/2025\/03\/241206_AJUBEMGE_Livro3_V2.pdf\">Volume 3 \u2013 2024 &gt;&gt; PDF<\/a><\/p>\n<\/div>\n","protected":false},"excerpt":{"rendered":"<p>Livros Com a organiza\u00e7\u00e3o e curadoria do comunicador Sergio Rizo (que coordena o nosso jornal), a AJUBEMGE se orgulha de<\/p>\n","protected":false},"author":3,"featured_media":0,"parent":0,"menu_order":0,"comment_status":"closed","ping_status":"closed","template":"","meta":{"footnotes":""},"class_list":["post-7601","page","type-page","status-publish","hentry"],"_links":{"self":[{"href":"https:\/\/ajubemge.com.br\/site2\/wp-json\/wp\/v2\/pages\/7601","targetHints":{"allow":["GET"]}}],"collection":[{"href":"https:\/\/ajubemge.com.br\/site2\/wp-json\/wp\/v2\/pages"}],"about":[{"href":"https:\/\/ajubemge.com.br\/site2\/wp-json\/wp\/v2\/types\/page"}],"author":[{"embeddable":true,"href":"https:\/\/ajubemge.com.br\/site2\/wp-json\/wp\/v2\/users\/3"}],"replies":[{"embeddable":true,"href":"https:\/\/ajubemge.com.br\/site2\/wp-json\/wp\/v2\/comments?post=7601"}],"version-history":[{"count":9,"href":"https:\/\/ajubemge.com.br\/site2\/wp-json\/wp\/v2\/pages\/7601\/revisions"}],"predecessor-version":[{"id":8325,"href":"https:\/\/ajubemge.com.br\/site2\/wp-json\/wp\/v2\/pages\/7601\/revisions\/8325"}],"wp:attachment":[{"href":"https:\/\/ajubemge.com.br\/site2\/wp-json\/wp\/v2\/media?parent=7601"}],"curies":[{"name":"wp","href":"https:\/\/api.w.org\/{rel}","templated":true}]}}